{"id":21,"date":"2023-08-20T05:13:11","date_gmt":"2023-08-20T05:13:11","guid":{"rendered":"https:\/\/danielcinelli.com.ar\/sitio\/?page_id=21"},"modified":"2024-11-10T18:38:23","modified_gmt":"2024-11-10T18:38:23","slug":"trayectoria","status":"publish","type":"page","link":"https:\/\/danielcinelli.com.ar\/sitio\/trayectoria\/","title":{"rendered":"Trayectoria"},"content":{"rendered":"\n<div class=\"wp-block-columns alignfull has-dark-gray-background-color has-background is-layout-flex wp-container-core-columns-is-layout-9d6595d7 wp-block-columns-is-layout-flex\">\n<div class=\"wp-block-column has-background is-layout-flow wp-block-column-is-layout-flow\" style=\"background-color:#494848;flex-basis:40%\">\n<p class=\"has-dark-gray-color has-text-color has-link-color wp-elements-3e9f4c2053fb515445aafa86cab800a2\">.<\/p>\n\n\n<div class=\"wp-block-image\">\n<figure class=\"aligncenter size-full is-resized\"><a href=\"https:\/\/danielcinelli.com.ar\/sitio\/wp-content\/uploads\/2023\/08\/FOTO-2-sin-datos.png\"><img fetchpriority=\"high\" decoding=\"async\" width=\"500\" height=\"500\" src=\"https:\/\/danielcinelli.com.ar\/sitio\/wp-content\/uploads\/2023\/08\/FOTO-2-sin-datos.png\" alt=\"\" class=\"wp-image-64\" style=\"width:217px;height:auto\" srcset=\"https:\/\/danielcinelli.com.ar\/sitio\/wp-content\/uploads\/2023\/08\/FOTO-2-sin-datos.png 500w, https:\/\/danielcinelli.com.ar\/sitio\/wp-content\/uploads\/2023\/08\/FOTO-2-sin-datos-300x300.png 300w, https:\/\/danielcinelli.com.ar\/sitio\/wp-content\/uploads\/2023\/08\/FOTO-2-sin-datos-100x100.png 100w, https:\/\/danielcinelli.com.ar\/sitio\/wp-content\/uploads\/2023\/08\/FOTO-2-sin-datos-150x150.png 150w, https:\/\/danielcinelli.com.ar\/sitio\/wp-content\/uploads\/2023\/08\/FOTO-2-sin-datos-50x50.png 50w\" sizes=\"(max-width: 500px) 100vw, 500px\" \/><\/a><\/figure>\n<\/div>\n\n\n<p class=\"has-text-align-center has-white-color has-text-color\" style=\"font-size:12px\">Socio Actores 27422 \/ Socio Argentores 7694 \/ <br>Socio APDEA 10 \/ Registro INCAA Productor (203-107)<br>Actual presidente de la CD de la Asociaci\u00f3n Cultural <br>y Biblioteca Popular Mariano Moreno<br>Vocal en la CD de APDEA 2024-2026<br>Fundador de Buenos Vientos Producciones<\/p>\n<\/div>\n\n\n\n<div class=\"wp-block-column is-layout-flow wp-block-column-is-layout-flow\" style=\"font-size:48px;flex-basis:60%\">\n<p class=\"has-text-align-left has-normal-font-size\"><em>Desde 1984 se desarrolla en la producci\u00f3n teatral en diversos roles desde la actuaci\u00f3n, dramaturgia, direcci\u00f3n y producci\u00f3n; tanto en la escena del teatro independiente como en el teatro comercial y oficial llevando adelante m\u00e1s de 40 producciones, giras, instalaciones, shows y eventos.<\/em><\/p>\n\n\n\n<p class=\"has-text-align-left has-normal-font-size\"><em>Tambi\u00e9n en el medio audiovisual est\u00e1 presente desde 1988 como actor en diferentes pel\u00edculas y videos; como director y productor en el documental \u00abCien a\u00f1os\u00bb (2007); como guionsita y productor en la serie EL ASESOR (Thriller pol\u00edtico policial protagonizado por Enrique Pinti y Gerardo Romano, ganadora de los concursos INCAA 2014), en la serie documental Red de Vida (Docu-ficci\u00f3n para ONU y Sec. de Ambiente y Recursos Naturales).<\/em><br><em><br>En 2023 se estrena en canal Encuentro el documental \u00abGalciares, huellas del tiempo\u00bb obra ganadora de los concursos Renacer Audiovisual, en la que participa como autor y productor. Actualmente trabaja en el desarrollo de diferentes producciones documentales y ficcionales.<br>Desde 1990 dicta cursos de actuaci\u00f3n. Fund\u00f3 y dirigi\u00f3 el Estudio y Teatro El Patio. En 1998 crea el Espacio de Investigaci\u00f3n Esc\u00e9nica, \u00e1mbito en el cual dicta sus cursos, talleres y seminarios de actuaci\u00f3n, direcci\u00f3n y producci\u00f3n.<\/em><br><\/p>\n<\/div>\n<\/div>\n\n\n\n<h2 class=\"wp-block-heading has-text-align-center has-white-color has-text-color has-link-color wp-elements-65ce5390e3446b26ecc21c583cafdef8\">FORMACI\u00d3N<\/h2>\n\n\n\n<div class=\"wp-block-columns alignfull has-black-background-color has-background is-layout-flex wp-container-core-columns-is-layout-9d6595d7 wp-block-columns-is-layout-flex\">\n<div class=\"wp-block-column is-layout-flow wp-block-column-is-layout-flow\" style=\"flex-basis:10%\"><\/div>\n\n\n\n<div class=\"wp-block-column is-layout-flow wp-block-column-is-layout-flow\" style=\"flex-basis:80%\">\n<p class=\"has-dark-gray-background-color has-background has-normal-font-size\">Actuaci\u00f3n (Lymarey &#8211; G. Ca\u00f1adas)<br>ENAD (Escuela Nac. de Arte Dram\u00e1tico)<br>Estudio Ditirambo<br>Eduardo Riva<br>Ra\u00fal Serrano<br>Justo Gisbert<br>Comicidad (M. Salazar &#8211; C.C.R.Rojas)<br>T\u00e9cnica corporal ( Ruth Rodr\u00edguez )<br>Comicidad: Aproximaci\u00f3n al disparate (J. Campanari)<br>T\u00e9cnica Vocal ( Alejandro Cuello)<br>T\u00e9cnica Vocal ( In\u00e9s Fari\u00f1a )<br>Improvisaci\u00f3n ( Eduardo Riva )<br>Tango ( Luis Ianone )<br>Canto ( Estudio Ditirambo )<br>An\u00e1lisis del texto dram\u00e1tico ( Pedro Espinoza)<br>Pedagog\u00eda Teatral (Ra\u00fal Serrano).<br>Producci\u00f3n (Rosal\u00eda Celentano)<br>Producci\u00f3n Audiovisual (SATSAID)<br>Producci\u00f3n teatral (Gustavo Schraier)<\/p>\n<\/div>\n\n\n\n<div class=\"wp-block-column is-layout-flow wp-block-column-is-layout-flow\" style=\"flex-basis:10%\"><\/div>\n<\/div>\n\n\n\n<h2 class=\"wp-block-heading alignwide has-text-align-center has-eighty-black-background-color has-background\"><strong>ARTES ESC\u00c9NICAS<\/strong><\/h2>\n\n\n\n<div class=\"wp-block-columns alignfull has-black-background-color has-background is-layout-flex wp-container-core-columns-is-layout-9d6595d7 wp-block-columns-is-layout-flex\">\n<div class=\"wp-block-column is-layout-flow wp-block-column-is-layout-flow\" style=\"flex-basis:10%\"><\/div>\n\n\n\n<div class=\"wp-block-column has-background is-layout-flow wp-block-column-is-layout-flow\" style=\"background-color:#393535;flex-basis:80%\">\n<h5 class=\"wp-block-heading has-background\" style=\"background-color:#393535\"><strong>1984 &#8211; 1989<\/strong><\/h5>\n\n\n\n<ul style=\"background-color:#393535\" class=\"wp-block-list has-background has-small-font-size\">\n<li class=\"has-normal-font-size\"><strong>ABSTRACCI\u00d3N<\/strong>&nbsp;(de G. Ca\u00f1adas) Actuaci\u00f3n. &#8211; Direcci\u00f3n: G. Ca\u00f1adas.<\/li>\n\n\n\n<li class=\"has-normal-font-size\"><strong>Teatro Callejero<\/strong> Actuaci\u00f3n. &#8211; Direcci\u00f3n: G. Ca\u00f1adas.<\/li>\n\n\n\n<li class=\"has-normal-font-size\"><strong>\u00bfY&#8230; AL FINAL?<\/strong>&nbsp;(de Gabriela Bianco) Actuaci\u00f3n. &#8211; Direcci\u00f3n: Gabriela Bianco.<\/li>\n\n\n\n<li class=\"has-normal-font-size\"><strong>ESPANTOSA<\/strong>&nbsp;(de Agust\u00edn Cuzzani) Direcci\u00f3n y puesta en escena.<\/li>\n\n\n\n<li class=\"has-normal-font-size\"><strong>SUE\u00d1OS DE BARRIO<\/strong>&nbsp;(de Roberto Fontanarrosa) Actuaci\u00f3n. &#8211; Puesta en escena: Eduardo Riva.<\/li>\n\n\n\n<li class=\"has-normal-font-size\"><strong>EL DIVORCIO<\/strong>&nbsp;(de M. Arrojo) Direcci\u00f3n y puesta en escena.<\/li>\n\n\n\n<li class=\"has-normal-font-size\"><strong>HOGARE\u00d1A<\/strong>&nbsp;(sobre textos de J. Prevert) Direcci\u00f3n y puesta en escena.<\/li>\n\n\n\n<li class=\"has-normal-font-size\"><strong>TODA LA VERDAD<\/strong>&nbsp;(de Roberto Fontanarrosa) Direcci\u00f3n y puesta en escena.<\/li>\n<\/ul>\n<\/div>\n\n\n\n<div class=\"wp-block-column is-layout-flow wp-block-column-is-layout-flow\" style=\"flex-basis:10%\"><\/div>\n<\/div>\n\n\n\n<div class=\"wp-block-columns alignfull has-dark-gray-background-color has-background is-layout-flex wp-container-core-columns-is-layout-9d6595d7 wp-block-columns-is-layout-flex\">\n<div class=\"wp-block-column is-layout-flow wp-block-column-is-layout-flow\" style=\"flex-basis:10%\"><\/div>\n\n\n\n<div class=\"wp-block-column has-black-background-color has-background is-layout-flow wp-block-column-is-layout-flow\" style=\"flex-basis:80%\">\n<h5 class=\"wp-block-heading has-black-background-color has-background\"><strong><strong>1990 &#8211; 1999<\/strong><\/strong><\/h5>\n\n\n\n<ul class=\"wp-block-list has-black-background-color has-background has-small-font-size\">\n<li class=\"has-normal-font-size\"><strong>EL FANTASMA DE CANTERVILLE<\/strong>&nbsp;(de Oscar Wilde) Asistencia de direcci\u00f3n y actuaci\u00f3n. Direcci\u00f3n: Walter F. Ramos.<\/li>\n\n\n\n<li class=\"has-normal-font-size\"><strong>DESDE ALL\u00c1 LEJOS HASTA AQU\u00cd A LA VUELTA <\/strong>Asistencia de direcci\u00f3n. Direcci\u00f3n: Patricia Cors\u00e1nego<\/li>\n\n\n\n<li class=\"has-normal-font-size\"><strong>LA LECCI\u00d3N<\/strong>&nbsp;(de Eugene Ionesco) Direcci\u00f3n de Actores.<\/li>\n\n\n\n<li class=\"has-normal-font-size\"><strong>ESQUIVANDO OLVIDOS<\/strong>&nbsp;(de C. Albenga y Norberto Cirelli) Actuaci\u00f3n, direcci\u00f3n y puesta en escena.<\/li>\n\n\n\n<li class=\"has-normal-font-size\"><strong>EL FANTASMA DE CANTERVILLE<\/strong>&nbsp;(de Oscar Wilde) Asist. de direcci\u00f3n. Dir: Patricia Cors\u00e1nego. Teatro Pte. Alvear.<\/li>\n\n\n\n<li class=\"has-normal-font-size\"><strong>CUZZANI, EL BREVE<\/strong>&nbsp;(de Agust\u00edn Cuzzani) Actuaci\u00f3n y direcci\u00f3n. (Compa\u00f1\u00eda Buenos Vientos)<\/li>\n\n\n\n<li class=\"has-normal-font-size\"><strong>LOS MATARA\u00d1AS<\/strong>&nbsp;(de Daniel Cinelli) Direcci\u00f3n y puesta en escena. (Espect\u00e1culo callejero)<\/li>\n\n\n\n<li class=\"has-normal-font-size\"><strong>ESQUIVANDO OLVIDOS<\/strong>&nbsp;(reposici\u00f3n) Direcci\u00f3n y puesta en escena. (Compa\u00f1\u00eda Buenos Vientos)<\/li>\n\n\n\n<li class=\"has-normal-font-size\"><strong>C.H.I.P.R.E.<\/strong>&nbsp;(de Daniel Cinelli) Dramaturgia, direcci\u00f3n y puesta en escena. (Compa\u00f1\u00eda Buenos Vientos)<\/li>\n<\/ul>\n<\/div>\n\n\n\n<div class=\"wp-block-column is-layout-flow wp-block-column-is-layout-flow\" style=\"flex-basis:10%\"><\/div>\n<\/div>\n\n\n\n<div class=\"wp-block-columns alignfull has-black-background-color has-background is-layout-flex wp-container-core-columns-is-layout-9d6595d7 wp-block-columns-is-layout-flex\">\n<div class=\"wp-block-column is-layout-flow wp-block-column-is-layout-flow\" style=\"flex-basis:10%\"><\/div>\n\n\n\n<div class=\"wp-block-column has-background is-layout-flow wp-block-column-is-layout-flow\" style=\"background-color:#393535;flex-basis:80%\">\n<h5 class=\"wp-block-heading has-background\" style=\"background-color:#393535\"><strong>2000 &#8211; 2009<\/strong><\/h5>\n\n\n\n<ul style=\"background-color:#393535\" class=\"wp-block-list has-background has-small-font-size\">\n<li class=\"has-normal-font-size\"><strong>PAPILLON&nbsp;<\/strong>(de H. Charriere) Direcci\u00f3n de actores y actuaci\u00f3n. Teatro Urania &#8211; Giesso<\/li>\n\n\n\n<li class=\"has-normal-font-size\"><strong>ANTEO EN LA HABANA<\/strong>&nbsp;(de Alejandro Piar) Puesta en escena y direcci\u00f3n de actores. Teatro Bahuen y gira permanente.<\/li>\n\n\n\n<li class=\"has-normal-font-size\"><strong>EL MONTAPLATOS<\/strong>&nbsp;(de H. Pinter) Actuaci\u00f3n &#8211; Direcci\u00f3n Laura Formento<\/li>\n\n\n\n<li class=\"has-normal-font-size\"><strong>ACALAMBRADOS (humor de pie)<\/strong>&nbsp;(de D. Cinelli \u2013 A. Piar \u2013 N. Cirelli) Direcci\u00f3n general. The Cavern \u2013 Paseo La Plaza<\/li>\n\n\n\n<li class=\"has-normal-font-size\"><strong>LA PALABRA M\u00c1GICA<\/strong>&nbsp;(teatro infantil itinerante en escuelas y teatro El Recoveco) Direcci\u00f3n general.<\/li>\n\n\n\n<li class=\"has-normal-font-size\"><strong>T\u00cdO VANIA&nbsp;(de Ant\u00f3n Ch\u00e9jov &#8211;&nbsp;<\/strong>adaptaci\u00f3n D. Cinelli) Direcci\u00f3n general y puesta en escena. Teatro del Viejo Palermo<\/li>\n<\/ul>\n<\/div>\n\n\n\n<div class=\"wp-block-column is-layout-flow wp-block-column-is-layout-flow\" style=\"flex-basis:10%\"><\/div>\n<\/div>\n\n\n\n<div class=\"wp-block-columns alignfull has-dark-gray-background-color has-background is-layout-flex wp-container-core-columns-is-layout-9d6595d7 wp-block-columns-is-layout-flex\">\n<div class=\"wp-block-column is-layout-flow wp-block-column-is-layout-flow\" style=\"flex-basis:10%\"><\/div>\n\n\n\n<div class=\"wp-block-column has-black-background-color has-background is-layout-flow wp-block-column-is-layout-flow\" style=\"flex-basis:80%\">\n<h5 class=\"wp-block-heading has-black-background-color has-background\"><strong><strong>2010 &#8211; 2019<\/strong><\/strong><\/h5>\n\n\n\n<ul class=\"wp-block-list has-black-background-color has-background has-small-font-size\">\n<li class=\"has-normal-font-size\"><strong>SUTIL&nbsp;(Espect\u00e1culo teatral-musical con M\u00f3nica Pelay y Walter Soares<\/strong>) Direcci\u00f3n general y coordinaci\u00f3n de puesta en escena. Teatro Moliere<\/li>\n\n\n\n<li class=\"has-normal-font-size\"><strong>LAMERICA&nbsp;<\/strong>(de Giampaolo Sama) Producci\u00f3n Ejecutiva.<\/li>\n\n\n\n<li class=\"has-normal-font-size\"><strong>PULSIONAL<\/strong>&nbsp;(de Daniel Paccosi) Direcci\u00f3n y puesta en escena (2016)<\/li>\n\n\n\n<li class=\"has-normal-font-size\"><strong>EL PESCADO SIN VENDER<\/strong>&nbsp;(de Norberto Gonzalo) Producci\u00f3n y Puesta en escena<\/li>\n\n\n\n<li class=\"has-normal-font-size\"><strong>ORQUESTA DE SE\u00d1ORITAS<\/strong>&nbsp;(de Jean Anouihl) Asistencia de direcci\u00f3n y producci\u00f3n<\/li>\n\n\n\n<li class=\"has-normal-font-size\"><a href=\"https:\/\/danielcinelli.com.ar\/sitio\/madre-amadisima\/\"><strong>MADRE AMAD\u00cdSIMA<\/strong>&nbsp;(de Santiago Escalante) Direcci\u00f3n y producci\u00f3n ejecutiva<\/a><\/li>\n\n\n\n<li class=\"has-normal-font-size\"><strong>CANTANDO SOBRE LA MESA<\/strong>&nbsp;(de Hugo Mid\u00f3n) Stage manager &#8211; Asistente general<\/li>\n\n\n\n<li class=\"has-normal-font-size\"><strong>MAQUILLAJE, breve absurdo nacional<\/strong>&nbsp;(de Daniel Cinelli) Autor<\/li>\n\n\n\n<li class=\"has-normal-font-size\"><strong>EL ENCARGO<\/strong>&nbsp;(de Marcelo Gallaino) Direcci\u00f3n y puesta en escena<\/li>\n\n\n\n<li class=\"has-normal-font-size\"><strong>LA GRAN FAR\u00c1NDULA&nbsp;<\/strong>(de Gast\u00f3n Marioni) Stage manager &#8211; Asistente general<\/li>\n\n\n\n<li class=\"has-normal-font-size\"><strong>CUARTETO DE BOROD\u00cdN<\/strong>&nbsp;(de Marcelo Galliano) Direcci\u00f3n y puesta en escena<\/li>\n\n\n\n<li class=\"has-normal-font-size\"><strong>ULTIMA BOYA<\/strong>&nbsp;(de Daniel Cinelli) Dramaturgia, direcci\u00f3n y puesta en escena<\/li>\n\n\n\n<li class=\"has-normal-font-size\"><strong>OJOS QUE NO VEN<\/strong>&nbsp;(de Marcelo Galliano) Puesta en escena y direcci\u00f3n<\/li>\n<\/ul>\n<\/div>\n\n\n\n<div class=\"wp-block-column is-layout-flow wp-block-column-is-layout-flow\" style=\"flex-basis:10%\"><\/div>\n<\/div>\n\n\n\n<div class=\"wp-block-columns alignfull has-black-background-color has-background is-layout-flex wp-container-core-columns-is-layout-9d6595d7 wp-block-columns-is-layout-flex\">\n<div class=\"wp-block-column is-layout-flow wp-block-column-is-layout-flow\" style=\"flex-basis:10%\"><\/div>\n\n\n\n<div class=\"wp-block-column has-background is-layout-flow wp-block-column-is-layout-flow\" style=\"background-color:#393535;flex-basis:80%\">\n<h5 class=\"wp-block-heading has-background\" style=\"background-color:#393535\"><strong>2020 &#8211; 2024<\/strong><\/h5>\n\n\n\n<ul style=\"background-color:#393535\" class=\"wp-block-list has-background has-small-font-size\">\n<li class=\"has-normal-font-size\"><strong>NOCHES OSCURAS<\/strong>&nbsp;(de Marcelo Galliano) Puesta en escena y direcci\u00f3n<\/li>\n\n\n\n<li class=\"has-normal-font-size\"><strong>DECILE QUE SOY FRANCESA<\/strong>&nbsp;(de Gabriela Bianco) Codirecci\u00f3n<\/li>\n\n\n\n<li class=\"has-normal-font-size\"><strong>CANTANDO SOBRE LA MESA<\/strong>&nbsp;(de Hugo Mid\u00f3n) Stage manager <\/li>\n\n\n\n<li class=\"has-normal-font-size\"><a href=\"https:\/\/danielcinelli.com.ar\/sitio\/aquella-tarde-de-agosto\/\"><strong>AQUELLA TARDE DE AGOSTO<\/strong>&nbsp;(una precuela sobre Hamlet) <\/a>Dramaturgia,  direcci\u00f3n y producci\u00f3n ejecutiva<\/li>\n\n\n\n<li class=\"has-normal-font-size\"><strong>MUJERES DESBORDADAS<\/strong>&nbsp;(de Anal\u00eda Farfaglia) Direcci\u00f3n<\/li>\n<\/ul>\n<\/div>\n\n\n\n<div class=\"wp-block-column is-layout-flow wp-block-column-is-layout-flow\" style=\"flex-basis:10%\"><\/div>\n<\/div>\n\n\n\n<div class=\"wp-block-columns alignfull has-dark-gray-background-color has-background is-layout-flex wp-container-core-columns-is-layout-9d6595d7 wp-block-columns-is-layout-flex\">\n<div class=\"wp-block-column is-layout-flow wp-block-column-is-layout-flow\" style=\"flex-basis:10%\"><\/div>\n\n\n\n<div class=\"wp-block-column has-black-background-color has-background is-layout-flow wp-block-column-is-layout-flow\" style=\"flex-basis:80%\">\n<h6 class=\"wp-block-heading has-text-align-center has-black-background-color has-background\"><strong><strong>PROXIMAMENTE<\/strong><\/strong><\/h6>\n\n\n\n<p class=\"has-text-align-center has-black-background-color has-text-color has-background has-link-color wp-elements-192860d21ef3ec508763bfacff44a6ec\" style=\"color:#dbad39;font-size:20px\"><strong>MADRE AMAD\u00cdSIMA<\/strong>&nbsp;<em>(de Santiago Escalante)<\/em><br>Con la actuaci\u00f3n de Oscar Gim\u00e9nez<br>Temp 2025 \/ Direcci\u00f3n y producci\u00f3n ejecutiva<\/p>\n\n\n\n<hr class=\"wp-block-separator has-alpha-channel-opacity is-style-wide\"\/>\n\n\n\n<p class=\"has-text-align-center has-text-color has-link-color wp-elements-10e301696fc074df4f4aa40241c16d92\" style=\"color:#f7851a\"><strong>AQUELLA TARDE DE AGOSTO<\/strong>&nbsp;<br>Con la actuaci\u00f3n de Ernesto Larresse y Gabriela Spezzano <br>Temp 2025 \/ Dramaturgia, direcci\u00f3n y producci\u00f3n ejecutiva<\/p>\n<\/div>\n\n\n\n<div class=\"wp-block-column is-layout-flow wp-block-column-is-layout-flow\" style=\"flex-basis:10%\"><\/div>\n<\/div>\n\n\n\n<h2 class=\"wp-block-heading alignfull has-text-align-center has-dark-gray-background-color has-background\"><strong>AUDIOVISUAL<\/strong><\/h2>\n\n\n\n<div class=\"wp-block-columns alignfull has-dark-gray-background-color has-background is-layout-flex wp-container-core-columns-is-layout-9d6595d7 wp-block-columns-is-layout-flex\">\n<div class=\"wp-block-column is-layout-flow wp-block-column-is-layout-flow\" style=\"flex-basis:10%\"><\/div>\n\n\n\n<div class=\"wp-block-column has-black-background-color has-background is-layout-flow wp-block-column-is-layout-flow\" style=\"flex-basis:80%\">\n<h5 class=\"wp-block-heading has-black-background-color has-background\"><strong><strong>1988 &#8211; 2024<\/strong><\/strong><\/h5>\n\n\n\n<ul class=\"wp-block-list has-black-background-color has-background has-small-font-size\">\n<li class=\"has-normal-font-size\"><strong>EL FANTASMA DE LA \u00d3PERA<\/strong>&nbsp;(de Edwin Aguiar) -Cortometraje (f\u00edlmico) Actuaci\u00f3n &#8211; Direcci\u00f3n: Edwin Aguiar.<\/li>\n\n\n\n<li class=\"has-normal-font-size\"><strong>PRELUDIO<\/strong>&nbsp;(de Edwin Aguiar) &#8211; Cortometraje (f\u00edlmico) Direcci\u00f3n de actores y actuaci\u00f3n -Dir.: Edwin Aguiar.<\/li>\n\n\n\n<li class=\"has-normal-font-size\"><strong>V\u00cdSPERAS&nbsp;<\/strong>(de Marcos Negri) &#8211; Cortometraje (f\u00edlmico) Direcci\u00f3n de actores. Direcci\u00f3n general: Marcos Negri.<\/li>\n\n\n\n<li class=\"has-normal-font-size\"><strong>LA L\u00cdNEA ROJA<\/strong>&nbsp;(de Marcos Negri) &#8211; Cortometraje (video) Actuaci\u00f3n. Direcci\u00f3n: Marcos Negri.<\/li>\n\n\n\n<li class=\"has-normal-font-size\"><strong>EL LIBRO<\/strong>&nbsp;Cortometraje para CIC (video) Actuaci\u00f3n &#8211; Direcci\u00f3n Ana Poggiese.<\/li>\n\n\n\n<li class=\"has-normal-font-size\"><strong>PLUMAS<\/strong>&nbsp;Cortometraje para CIC (video) Actuaci\u00f3n<\/li>\n\n\n\n<li class=\"has-normal-font-size\"><strong>EDIVAL<\/strong>&nbsp;(Publicidad) &#8211; Cliente: Edival S.A. \/ Productora: Awards Cine S.R.L. Direcci\u00f3n: Marcos Negri &#8211; Actuaci\u00f3n<\/li>\n\n\n\n<li class=\"has-normal-font-size\"><strong>NEGATIVO&nbsp;<\/strong>Cortometraje tesis del director Roberto Brandana. Actuaci\u00f3n<\/li>\n\n\n\n<li class=\"has-normal-font-size\"><strong>OFICINA<\/strong> (Publicidad) &#8211; Cliente: FUCA (Fundaci\u00f3n de Lucha contra el C\u00e1ncer) Productora: Awards Cine S.R.L. Direcci\u00f3n: Roberto Ventura &#8211; Actuaci\u00f3n<\/li>\n\n\n\n<li class=\"has-normal-font-size\"><strong>AL FINAL DEL SENDERO<\/strong>&nbsp;Mediometraje (video) Actuaci\u00f3n &#8211; Direcci\u00f3n Sergio Ota\u00f1o<\/li>\n\n\n\n<li class=\"has-normal-font-size\"><strong>S\u00c1ENZ PE\u00d1A, CIEN A\u00d1OS<\/strong>&nbsp;Mediometraje Documental (video) Libro, producci\u00f3n y Direcci\u00f3n General<\/li>\n\n\n\n<li class=\"has-normal-font-size\"><strong>\u00bfPARA QU\u00c9 ME SIRVE?<\/strong>&nbsp;Programa de educaci\u00f3n a distancia Direcci\u00f3n de actores &#8211; Cablevisi\u00f3n y Universidad J. F. Kenedy.-<\/li>\n\n\n\n<li class=\"has-normal-font-size\"><strong>Curso de direcci\u00f3n<\/strong>&nbsp;(en ATC) Invitado a participar como actor.<\/li>\n\n\n\n<li class=\"has-normal-font-size\"><strong>RED DE VIDA<\/strong>&nbsp;Serie docuficcion para TV sobre ambiente y recursos naturales Libro y producci\u00f3n general<\/li>\n\n\n\n<li class=\"has-normal-font-size\"><strong>10 MOTIVOS PARA DECIR \u00a1NO! &#8211;&nbsp;<\/strong>Webcomedia &#8211; Gui\u00f3n, Producci\u00f3n general y Actuaci\u00f3n.<\/li>\n\n\n\n<li class=\"has-normal-font-size\"><strong>EL ASESOR &#8211;<\/strong>&nbsp;miniserie de tv &#8211; thriller pol\u00edtico policial Prod. Ejecutiva, gui\u00f3n, actuaci\u00f3n<\/li>\n\n\n\n<li class=\"has-normal-font-size\"><strong>ASOLAR<\/strong>&nbsp;(de Clara Fr\u00edas) Producci\u00f3n Ejecutiva<\/li>\n\n\n\n<li class=\"has-normal-font-size\"><strong>GLACIARES, HUELLAS DEL TIEMPO &#8211;<\/strong>&nbsp;Documental Prod. Ejecutiva y guion. <br>Ganador de los concursos <strong>RENACER AUDIOVISUAL<\/strong><br>Ganador del <strong>Festival EFF 2024<\/strong> (<em>Premio del p\u00fablico<\/em>)<\/li>\n<\/ul>\n<\/div>\n\n\n\n<div class=\"wp-block-column is-layout-flow wp-block-column-is-layout-flow\" style=\"flex-basis:10%\"><\/div>\n<\/div>\n\n\n\n<h2 class=\"wp-block-heading alignfull has-text-align-center has-dark-gray-background-color has-background\">RADIO<\/h2>\n\n\n\n<div class=\"wp-block-columns alignfull has-dark-gray-background-color has-background is-layout-flex wp-container-core-columns-is-layout-9d6595d7 wp-block-columns-is-layout-flex\">\n<div class=\"wp-block-column is-layout-flow wp-block-column-is-layout-flow\" style=\"flex-basis:10%\"><\/div>\n\n\n\n<div class=\"wp-block-column has-black-background-color has-background is-layout-flow wp-block-column-is-layout-flow\" style=\"flex-basis:80%\">\n<ul class=\"wp-block-list has-black-background-color has-background has-small-font-size\">\n<li class=\"has-normal-font-size\">1990 &#8211; <strong>PIDO GANCHO<\/strong> &#8211; FM Bah\u00eda 100.3 Mhz. Producci\u00f3n y actuaci\u00f3n<\/li>\n\n\n\n<li class=\"has-normal-font-size\">2017 &#8211; <strong>SER O NO SER<\/strong> &#8211; FM Cultura. Producci\u00f3n<\/li>\n\n\n\n<li class=\"has-normal-font-size\">Desde 2018 &#8211; <strong>RADIO BABEL<\/strong>. Direcci\u00f3n general<\/li>\n\n\n\n<li class=\"has-normal-font-size\">2020 &#8211; <strong>DERECHO DE PUESTA<\/strong> (programa sobre el arte de la direcci\u00f3n esc\u00e9nica) &#8211; Conducci\u00f3n y producci\u00f3n<\/li>\n<\/ul>\n<\/div>\n\n\n\n<div class=\"wp-block-column is-layout-flow wp-block-column-is-layout-flow\" style=\"flex-basis:10%\"><\/div>\n<\/div>\n\n\n\n<h2 class=\"wp-block-heading alignfull has-text-align-center has-dark-gray-background-color has-background\"><strong>DOCENCIA<\/strong><\/h2>\n\n\n\n<div class=\"wp-block-columns alignfull has-dark-gray-background-color has-background is-layout-flex wp-container-core-columns-is-layout-9d6595d7 wp-block-columns-is-layout-flex\">\n<div class=\"wp-block-column is-layout-flow wp-block-column-is-layout-flow\" style=\"flex-basis:10%\"><\/div>\n\n\n\n<div class=\"wp-block-column has-black-background-color has-background is-layout-flow wp-block-column-is-layout-flow\" style=\"flex-basis:80%\">\n<ul class=\"wp-block-list has-black-background-color has-background has-small-font-size\">\n<li class=\"has-normal-font-size\">1990 \/ 97- Dict\u00f3 cursos de actuaci\u00f3n para adultos, adolescentes y ni\u00f1os.<\/li>\n\n\n\n<li class=\"has-normal-font-size\">1991 &#8211; Taller de actuaci\u00f3n&nbsp;<strong><em>Colegio Rawson<\/em><\/strong>&nbsp;(Capital Federal)<\/li>\n\n\n\n<li class=\"has-normal-font-size\">1991 &#8211; Taller de actuaci\u00f3n&nbsp;<strong><em>Club Italiano<\/em><\/strong>&nbsp;(Capital Federal)<\/li>\n\n\n\n<li class=\"has-normal-font-size\">1993 \/ 98 &#8211; Fund\u00f3 y dirigi\u00f3 el&nbsp;<strong><em>Estudio y Teatro El Patio<\/em><\/strong>.<\/li>\n\n\n\n<li class=\"has-normal-font-size\">2016 &#8211; <strong>Taller de Producci\u00f3n Audiovisual<\/strong> &#8211; Carrera: Tecnicatura de periodismo deportivo Universidad Nacional de La Plata<\/li>\n\n\n\n<li class=\"has-normal-font-size\">1998 \/ Actualidad &#8211; EIEDC <br>Crea el&nbsp;<strong><em>Espacio de Investigaci\u00f3n Esc\u00e9nica<\/em><\/strong>, \u00e1mbito en el cual dicta hasta la actualidad sus cursos, talleres y seminarios.<\/li>\n<\/ul>\n<\/div>\n\n\n\n<div class=\"wp-block-column is-layout-flow wp-block-column-is-layout-flow\" style=\"flex-basis:10%\"><\/div>\n<\/div>\n\n\n\n<h4 class=\"wp-block-heading alignfull has-text-align-center has-dark-gray-background-color has-background\"><strong>OTROS TRABAJOS<\/strong><\/h4>\n\n\n\n<div class=\"wp-block-columns alignfull has-dark-gray-background-color has-background is-layout-flex wp-container-core-columns-is-layout-9d6595d7 wp-block-columns-is-layout-flex\">\n<div class=\"wp-block-column is-layout-flow wp-block-column-is-layout-flow\" style=\"flex-basis:10%\"><\/div>\n\n\n\n<div class=\"wp-block-column has-black-background-color has-background is-layout-flow wp-block-column-is-layout-flow\" style=\"flex-basis:80%\">\n<p class=\"has-normal-font-size\"><\/p>\n\n\n\n<p class=\"has-black-background-color has-background has-normal-font-size\">1996 \/ Actualidad &#8211; <strong><a href=\"http:\/\/www.buenosvientos.com\" target=\"_blank\" rel=\"noreferrer noopener\">BUENOS VIENTOS PRODUCCIONES<\/a><\/strong><br>Funda y dirige la&nbsp;Compa\u00f1\u00eda Teatral. Desde 2002 la compa\u00f1\u00eda se convierte en productora de contenidos esc\u00e9nicos y audiovisuales, as\u00ed como shows, eventos y servicios de producci\u00f3n. <br><br>2021 \/ Actualidad <strong>&#8211; <a href=\"http:\/\/www.lamoreno.com.ar\" target=\"_blank\" rel=\"noreferrer noopener\">LA MORENO <\/a><\/strong><br>(Asociaci\u00f3n Cultural y Biblioteca Popular Mariano Moreno) S\u00e1enz Pe\u00f1a, Buenos Aires. <br>Presidente de la CD en segundo mandato.<br><br>2024 \/ Actualidad &#8211; <strong><a href=\"https:\/\/www.apdea.com.ar\" target=\"_blank\" rel=\"noreferrer noopener\">APDEA<\/a><\/strong> <br>(Asociaci\u00f3n Profesionales de la Direcci\u00f3n Esc\u00e9nica de Argentina)<br>Vocal suplente de la CD<br><br>2023 &#8211; Asesor&nbsp;<strong>Universidad Nacional de Jos\u00e9 C. Paz<\/strong>.<br><br>2010 \u2013&nbsp;<strong>ART<\/strong> &#8211; Operaci\u00f3n de luces (teatro Tabar\u00eds \u2013 temporada 2010)<br><br>2009 \u2013&nbsp;<strong>KARABAL\u00cd &#8211; LOS AMADOS<\/strong> &#8211; Operaci\u00f3n de luces (teatro Margarita Xirgu y gira nacional)<br><br>2007 &#8211;&nbsp;<strong>Organizaci\u00f3n y Producci\u00f3n de las fiestas municipales por los cien a\u00f1os de la localidad de S\u00e1enz Pe\u00f1a<\/strong><br>Cuatro d\u00edas de festejos que incluyeron: Recitales, Radio abierta, Exposici\u00f3n permanente fotogr\u00e1fica y pl\u00e1stica, Teatro, Performances, Cine al aire libre, etc.<br>Idea, coordinaci\u00f3n y producci\u00f3n integral de los eventos.<br><br>1999 &#8211;&nbsp;<strong>Borges en el jard\u00edn de los senderos que se bifurcan<\/strong>.<br>Muestra multimedia en homenaje a Jorge Luis Borges en el centenario de su nacimiento.<br>Dise\u00f1o de iluminaci\u00f3n, sonido y asistencia art\u00edstica general.<br>Dise\u00f1o general: Sandra Fabrissin.<br>Expuesta en: Escuela Sup. de Comercio Carlos Pellegrini y Centro Cultural Recoleta (S. Cronopios). En gira permanente.<\/p>\n<\/div>\n\n\n\n<div class=\"wp-block-column is-layout-flow wp-block-column-is-layout-flow\" style=\"flex-basis:10%\"><\/div>\n<\/div>\n","protected":false},"excerpt":{"rendered":"<p>. Socio Actores 27422 \/ Socio Argentores 7694 \/ Socio APDEA 10 \/ Registro INCAA Productor (203-107)Actual presidente de la CD de la Asociaci\u00f3n Cultural y Biblioteca Popular Mariano MorenoVocal<\/p>\n<p class=\"more-link\"><a href=\"https:\/\/danielcinelli.com.ar\/sitio\/trayectoria\/\" class=\"readmore\">Seguir leyendo<span class=\"screen-reader-text\">Trayectoria<\/span><\/a><\/p>\n","protected":false},"author":2,"featured_media":0,"parent":0,"menu_order":0,"comment_status":"closed","ping_status":"closed","template":"","meta":{"footnotes":""},"class_list":["post-21","page","type-page","status-publish","hentry"],"_links":{"self":[{"href":"https:\/\/danielcinelli.com.ar\/sitio\/wp-json\/wp\/v2\/pages\/21","targetHints":{"allow":["GET"]}}],"collection":[{"href":"https:\/\/danielcinelli.com.ar\/sitio\/wp-json\/wp\/v2\/pages"}],"about":[{"href":"https:\/\/danielcinelli.com.ar\/sitio\/wp-json\/wp\/v2\/types\/page"}],"author":[{"embeddable":true,"href":"https:\/\/danielcinelli.com.ar\/sitio\/wp-json\/wp\/v2\/users\/2"}],"replies":[{"embeddable":true,"href":"https:\/\/danielcinelli.com.ar\/sitio\/wp-json\/wp\/v2\/comments?post=21"}],"version-history":[{"count":64,"href":"https:\/\/danielcinelli.com.ar\/sitio\/wp-json\/wp\/v2\/pages\/21\/revisions"}],"predecessor-version":[{"id":329,"href":"https:\/\/danielcinelli.com.ar\/sitio\/wp-json\/wp\/v2\/pages\/21\/revisions\/329"}],"wp:attachment":[{"href":"https:\/\/danielcinelli.com.ar\/sitio\/wp-json\/wp\/v2\/media?parent=21"}],"curies":[{"name":"wp","href":"https:\/\/api.w.org\/{rel}","templated":true}]}}