{"id":129,"date":"2024-01-03T19:14:12","date_gmt":"2024-01-03T19:14:12","guid":{"rendered":"https:\/\/danielcinelli.com.ar\/sitio\/?page_id=129"},"modified":"2026-01-19T03:42:08","modified_gmt":"2026-01-19T03:42:08","slug":"cursos-y-talleres","status":"publish","type":"page","link":"https:\/\/danielcinelli.com.ar\/sitio\/cursos-y-talleres\/","title":{"rendered":"Cursos y Talleres"},"content":{"rendered":"\n<p class=\"has-text-align-center has-white-color has-text-color has-background has-link-color wp-elements-492e11a622fbd9a8097a0881157609f6\" style=\"background-color:#cb5500;font-size:26px\"><strong>TALLERES Y SEMINARIOS INTENSIVOS A DISTANCIA<\/strong><\/p>\n\n\n\n<div class=\"wp-block-media-text is-stacked-on-mobile is-vertically-aligned-top\" style=\"grid-template-columns:30% auto\"><figure class=\"wp-block-media-text__media\"><img fetchpriority=\"high\" decoding=\"async\" width=\"1024\" height=\"1024\" src=\"https:\/\/danielcinelli.com.ar\/sitio\/wp-content\/uploads\/2026\/01\/DOS-MIRADAS-2026-1024x1024.png\" alt=\"\" class=\"wp-image-8213 size-full\" srcset=\"https:\/\/danielcinelli.com.ar\/sitio\/wp-content\/uploads\/2026\/01\/DOS-MIRADAS-2026-1024x1024.png 1024w, https:\/\/danielcinelli.com.ar\/sitio\/wp-content\/uploads\/2026\/01\/DOS-MIRADAS-2026-300x300.png 300w, https:\/\/danielcinelli.com.ar\/sitio\/wp-content\/uploads\/2026\/01\/DOS-MIRADAS-2026-150x150.png 150w, https:\/\/danielcinelli.com.ar\/sitio\/wp-content\/uploads\/2026\/01\/DOS-MIRADAS-2026-768x768.png 768w, https:\/\/danielcinelli.com.ar\/sitio\/wp-content\/uploads\/2026\/01\/DOS-MIRADAS-2026-640x640.png 640w, https:\/\/danielcinelli.com.ar\/sitio\/wp-content\/uploads\/2026\/01\/DOS-MIRADAS-2026-720x720.png 720w, https:\/\/danielcinelli.com.ar\/sitio\/wp-content\/uploads\/2026\/01\/DOS-MIRADAS-2026-70x70.png 70w, https:\/\/danielcinelli.com.ar\/sitio\/wp-content\/uploads\/2026\/01\/DOS-MIRADAS-2026-80x80.png 80w, https:\/\/danielcinelli.com.ar\/sitio\/wp-content\/uploads\/2026\/01\/DOS-MIRADAS-2026-50x50.png 50w, https:\/\/danielcinelli.com.ar\/sitio\/wp-content\/uploads\/2026\/01\/DOS-MIRADAS-2026-600x600.png 600w, https:\/\/danielcinelli.com.ar\/sitio\/wp-content\/uploads\/2026\/01\/DOS-MIRADAS-2026-100x100.png 100w, https:\/\/danielcinelli.com.ar\/sitio\/wp-content\/uploads\/2026\/01\/DOS-MIRADAS-2026.png 1080w\" sizes=\"(max-width: 1024px) 100vw, 1024px\" \/><\/figure><div class=\"wp-block-media-text__content\">\n<p class=\"has-white-color has-text-color has-link-color wp-elements-c01ed7e5519f9ccc9626598de7e142e8\"><strong>SEMINARIO INTENSIVO EN L\u00cdNEA<\/strong><\/p>\n\n\n\n<p class=\"has-text-color has-link-color has-large-font-size wp-elements-bd8a0e327adbc98b705db074219119ff\" style=\"color:#e98000\"><strong>DOS MIRADAS PARA LA ACCI\u00d3N<\/strong><\/p>\n\n\n\n<p class=\"has-white-color has-text-color has-link-color wp-elements-e68e585b54ecf77f186a784ac20be026\"><strong>Herramientas para la construcci\u00f3n de la verdad esc\u00e9nica<\/strong><\/p>\n\n\n\n<p class=\"has-white-color has-text-color has-link-color has-normal-font-size wp-elements-f6b8053034730421fc64e0e5d9f1feeb\"><em>Taller intensivo de actuaci\u00f3n <strong>100 % a distancia<\/strong>, orientado a int\u00e9rpretes con formaci\u00f3n previa.   La propuesta articula <strong>dos abordajes complementarios<\/strong> del trabajo actoral, integrados en un entrenamiento que pone en el centro la construcci\u00f3n de la verdad esc\u00e9nica.<\/em><\/p>\n\n\n\n<p class=\"has-white-color has-text-color has-link-color has-normal-font-size wp-elements-b5fdf04508fc7b3d6711f2c726eb33da\">El taller combina <strong>clases en vivo<\/strong>, <strong>material pedag\u00f3gico pregrabado<\/strong> y <strong>muestras virtuales de los procesos de trabajo<\/strong>, generando un espacio de investigaci\u00f3n, pr\u00e1ctica y reflexi\u00f3n esc\u00e9nica.<\/p>\n\n\n\n<p class=\"has-white-color has-text-color has-link-color has-normal-font-size wp-elements-02a9070dafb90edb5708571ad0896922\">Docentes: <strong>Alejandro Piar<\/strong> (Entrenamiento en teatro antropol\u00f3gico) y <strong>Daniel Cinelli <\/strong>(sistema de las acciones f\u00edsicas)<\/p>\n\n\n\n<div class=\"wp-block-buttons is-content-justification-center is-layout-flex wp-container-core-buttons-is-layout-16018d1d wp-block-buttons-is-layout-flex\">\n<div class=\"wp-block-button\"><a class=\"wp-block-button__link wp-element-button\" href=\"mailto:info@danielcinelli.com.ar?subject=Consulta sobre el taller intensivo DOS MIRADAS PARA LA ACCI\u00d3N\" target=\"_blank\" rel=\"noreferrer noopener\"><strong><strong>c<\/strong>onsultar<\/strong><\/a><\/div>\n<\/div>\n<\/div><\/div>\n\n\n\n<hr class=\"wp-block-separator has-text-color has-white-color has-alpha-channel-opacity has-white-background-color has-background is-style-wide\"\/>\n\n\n\n<div class=\"wp-block-media-text is-stacked-on-mobile is-vertically-aligned-top\" style=\"grid-template-columns:30% auto\"><figure class=\"wp-block-media-text__media\"><img decoding=\"async\" width=\"1024\" height=\"1024\" src=\"https:\/\/danielcinelli.com.ar\/sitio\/wp-content\/uploads\/2025\/01\/PRODUCCION-AUDIOVISUAL-2025-1024x1024.png\" alt=\"\" class=\"wp-image-387 size-full\" srcset=\"https:\/\/danielcinelli.com.ar\/sitio\/wp-content\/uploads\/2025\/01\/PRODUCCION-AUDIOVISUAL-2025-1024x1024.png 1024w, https:\/\/danielcinelli.com.ar\/sitio\/wp-content\/uploads\/2025\/01\/PRODUCCION-AUDIOVISUAL-2025-300x300.png 300w, https:\/\/danielcinelli.com.ar\/sitio\/wp-content\/uploads\/2025\/01\/PRODUCCION-AUDIOVISUAL-2025-150x150.png 150w, https:\/\/danielcinelli.com.ar\/sitio\/wp-content\/uploads\/2025\/01\/PRODUCCION-AUDIOVISUAL-2025-768x768.png 768w, https:\/\/danielcinelli.com.ar\/sitio\/wp-content\/uploads\/2025\/01\/PRODUCCION-AUDIOVISUAL-2025-640x640.png 640w, https:\/\/danielcinelli.com.ar\/sitio\/wp-content\/uploads\/2025\/01\/PRODUCCION-AUDIOVISUAL-2025-720x720.png 720w, https:\/\/danielcinelli.com.ar\/sitio\/wp-content\/uploads\/2025\/01\/PRODUCCION-AUDIOVISUAL-2025-70x70.png 70w, https:\/\/danielcinelli.com.ar\/sitio\/wp-content\/uploads\/2025\/01\/PRODUCCION-AUDIOVISUAL-2025-80x80.png 80w, https:\/\/danielcinelli.com.ar\/sitio\/wp-content\/uploads\/2025\/01\/PRODUCCION-AUDIOVISUAL-2025-50x50.png 50w, https:\/\/danielcinelli.com.ar\/sitio\/wp-content\/uploads\/2025\/01\/PRODUCCION-AUDIOVISUAL-2025-600x600.png 600w, https:\/\/danielcinelli.com.ar\/sitio\/wp-content\/uploads\/2025\/01\/PRODUCCION-AUDIOVISUAL-2025-100x100.png 100w, https:\/\/danielcinelli.com.ar\/sitio\/wp-content\/uploads\/2025\/01\/PRODUCCION-AUDIOVISUAL-2025.png 1080w\" sizes=\"(max-width: 1024px) 100vw, 1024px\" \/><\/figure><div class=\"wp-block-media-text__content\">\n<p class=\"has-white-color has-text-color has-link-color wp-elements-c01ed7e5519f9ccc9626598de7e142e8\"><strong>SEMINARIO INTENSIVO EN L\u00cdNEA<\/strong><\/p>\n\n\n\n<p class=\"has-text-color has-link-color has-large-font-size wp-elements-79292da4587e78a86ad4c7b13f20be50\" style=\"color:#e98000\"><strong>INTRODUCCI\u00d3N A LA <\/strong><br><strong>PRODUCCI\u00d3N AUDIOVISUAL<\/strong><\/p>\n\n\n\n<p class=\"has-white-color has-text-color has-link-color wp-elements-211915822ad97839ad771f7911d31f92\"><strong>Duraci\u00f3n: 16 encuentros de 2 h<\/strong><\/p>\n\n\n\n<p class=\"has-white-color has-text-color has-link-color has-normal-font-size wp-elements-4ace50dd80dda6ebb828fdf17560f8d5\"><em>\u00bfQu\u00e9 es producir? En este seminario abordaremos los aspectos fundamentales de todas las etapas de la producci\u00f3n; desde la idea inicial, el desarrollo, la preproducci\u00f3n, el rodaje, la postproducci\u00f3n as\u00ed como la venta y distribuci\u00f3n de un producto audiovisual.<\/em><\/p>\n\n\n\n<div class=\"wp-block-buttons is-content-justification-center is-layout-flex wp-container-core-buttons-is-layout-16018d1d wp-block-buttons-is-layout-flex\">\n<div class=\"wp-block-button\"><a class=\"wp-block-button__link wp-element-button\" href=\"mailto:info@danielcinelli.com.ar?subject=Consulta sobre el seminario de introducci\u00f3n a la producci\u00f3n\" target=\"_blank\" rel=\"noreferrer noopener\"><strong><strong>c<\/strong>onsultar<\/strong><\/a><\/div>\n<\/div>\n<\/div><\/div>\n\n\n\n<p class=\"has-text-align-center has-white-color has-text-color has-background has-link-color wp-elements-020c1c47264edf8b871bcc207ddfb5d1\" style=\"background-color:#cb5500;font-size:26px\"><strong>TALLERES INTENSIVOS<\/strong> (<strong>PRESENCIALES)<\/strong><\/p>\n\n\n\n<div class=\"wp-block-media-text is-stacked-on-mobile is-vertically-aligned-top\" style=\"grid-template-columns:30% auto\"><figure class=\"wp-block-media-text__media\"><img decoding=\"async\" width=\"1024\" height=\"1024\" src=\"https:\/\/danielcinelli.com.ar\/sitio\/wp-content\/uploads\/2024\/11\/DIRECCION-ACTORAL-AV-2025-1-1024x1024.png\" alt=\"\" class=\"wp-image-339 size-full\" srcset=\"https:\/\/danielcinelli.com.ar\/sitio\/wp-content\/uploads\/2024\/11\/DIRECCION-ACTORAL-AV-2025-1-1024x1024.png 1024w, https:\/\/danielcinelli.com.ar\/sitio\/wp-content\/uploads\/2024\/11\/DIRECCION-ACTORAL-AV-2025-1-300x300.png 300w, https:\/\/danielcinelli.com.ar\/sitio\/wp-content\/uploads\/2024\/11\/DIRECCION-ACTORAL-AV-2025-1-150x150.png 150w, https:\/\/danielcinelli.com.ar\/sitio\/wp-content\/uploads\/2024\/11\/DIRECCION-ACTORAL-AV-2025-1-768x768.png 768w, https:\/\/danielcinelli.com.ar\/sitio\/wp-content\/uploads\/2024\/11\/DIRECCION-ACTORAL-AV-2025-1-640x640.png 640w, https:\/\/danielcinelli.com.ar\/sitio\/wp-content\/uploads\/2024\/11\/DIRECCION-ACTORAL-AV-2025-1-720x720.png 720w, https:\/\/danielcinelli.com.ar\/sitio\/wp-content\/uploads\/2024\/11\/DIRECCION-ACTORAL-AV-2025-1-70x70.png 70w, https:\/\/danielcinelli.com.ar\/sitio\/wp-content\/uploads\/2024\/11\/DIRECCION-ACTORAL-AV-2025-1-80x80.png 80w, https:\/\/danielcinelli.com.ar\/sitio\/wp-content\/uploads\/2024\/11\/DIRECCION-ACTORAL-AV-2025-1-50x50.png 50w, https:\/\/danielcinelli.com.ar\/sitio\/wp-content\/uploads\/2024\/11\/DIRECCION-ACTORAL-AV-2025-1-600x600.png 600w, https:\/\/danielcinelli.com.ar\/sitio\/wp-content\/uploads\/2024\/11\/DIRECCION-ACTORAL-AV-2025-1-100x100.png 100w, https:\/\/danielcinelli.com.ar\/sitio\/wp-content\/uploads\/2024\/11\/DIRECCION-ACTORAL-AV-2025-1.png 1080w\" sizes=\"(max-width: 1024px) 100vw, 1024px\" \/><\/figure><div class=\"wp-block-media-text__content\">\n<p class=\"has-white-color has-text-color has-link-color wp-elements-8d26d9ebdefb239ecac09352f7de715c\"><strong>SEMINARIO INTENSIVO PRESENCIAL<\/strong><\/p>\n\n\n\n<p class=\"has-text-color has-link-color has-large-font-size wp-elements-ee72c3512cc2a09cf8ec49b34fd406aa\" style=\"color:#e98000\"><strong>DIRECCI\u00d3N ACTORAL EN AUDIOVISUAL<\/strong><\/p>\n\n\n\n<p class=\"has-white-color has-text-color has-link-color wp-elements-0ffb7c0d2134ae626024174610e6eb0f\"><strong>Duraci\u00f3n: 13 encuentros presenciales <\/strong><\/p>\n\n\n\n<p class=\"has-white-color has-text-color has-link-color has-normal-font-size wp-elements-e78fe8b2fbb04cccc81728da2074fcd6\"><em>La relaci\u00f3n entre quien ejerce la direci\u00f3n audiovisual y el elenco puede estar plagada de malos entendidos.  No siempre parece que habl\u00e1ramos el mismo idioma. \u00bfC\u00f3mo pedir al actor\/actriz que haga lo que imagin\u00e9? \u00bfC\u00f3mo interpretar lo que el director pide?<\/em> <br><em>En este seminario nos proponemos crear un c\u00f3digo com\u00fan que nos permita llevar adelante el proceso creativo con seguridad.<\/em><\/p>\n\n\n\n<div class=\"wp-block-buttons is-content-justification-center is-layout-flex wp-container-core-buttons-is-layout-16018d1d wp-block-buttons-is-layout-flex\">\n<div class=\"wp-block-button\"><a class=\"wp-block-button__link wp-element-button\" href=\"mailto:info@danielcinelli.com.ar?subject=Consulta sobre el seminario de direcci\u00f3n actoral en audiovisual\" target=\"_blank\" rel=\"noreferrer noopener\"><strong><strong>c<\/strong>onsultar<\/strong><\/a><\/div>\n<\/div>\n<\/div><\/div>\n\n\n\n<hr class=\"wp-block-separator has-text-color has-white-color has-alpha-channel-opacity has-white-background-color has-background is-style-wide\"\/>\n\n\n\n<div class=\"wp-block-media-text is-stacked-on-mobile is-vertically-aligned-top\" style=\"grid-template-columns:30% auto\"><figure class=\"wp-block-media-text__media\"><img loading=\"lazy\" decoding=\"async\" width=\"1024\" height=\"1024\" src=\"https:\/\/danielcinelli.com.ar\/sitio\/wp-content\/uploads\/2025\/01\/MONOLOGOS-2025-1024x1024.png\" alt=\"\" class=\"wp-image-388 size-full\" srcset=\"https:\/\/danielcinelli.com.ar\/sitio\/wp-content\/uploads\/2025\/01\/MONOLOGOS-2025-1024x1024.png 1024w, https:\/\/danielcinelli.com.ar\/sitio\/wp-content\/uploads\/2025\/01\/MONOLOGOS-2025-300x300.png 300w, https:\/\/danielcinelli.com.ar\/sitio\/wp-content\/uploads\/2025\/01\/MONOLOGOS-2025-150x150.png 150w, https:\/\/danielcinelli.com.ar\/sitio\/wp-content\/uploads\/2025\/01\/MONOLOGOS-2025-768x768.png 768w, https:\/\/danielcinelli.com.ar\/sitio\/wp-content\/uploads\/2025\/01\/MONOLOGOS-2025-640x640.png 640w, https:\/\/danielcinelli.com.ar\/sitio\/wp-content\/uploads\/2025\/01\/MONOLOGOS-2025-720x720.png 720w, https:\/\/danielcinelli.com.ar\/sitio\/wp-content\/uploads\/2025\/01\/MONOLOGOS-2025-70x70.png 70w, https:\/\/danielcinelli.com.ar\/sitio\/wp-content\/uploads\/2025\/01\/MONOLOGOS-2025-80x80.png 80w, https:\/\/danielcinelli.com.ar\/sitio\/wp-content\/uploads\/2025\/01\/MONOLOGOS-2025-50x50.png 50w, https:\/\/danielcinelli.com.ar\/sitio\/wp-content\/uploads\/2025\/01\/MONOLOGOS-2025-600x600.png 600w, https:\/\/danielcinelli.com.ar\/sitio\/wp-content\/uploads\/2025\/01\/MONOLOGOS-2025-100x100.png 100w, https:\/\/danielcinelli.com.ar\/sitio\/wp-content\/uploads\/2025\/01\/MONOLOGOS-2025.png 1080w\" sizes=\"(max-width: 1024px) 100vw, 1024px\" \/><\/figure><div class=\"wp-block-media-text__content\">\n<p class=\"has-white-color has-text-color has-link-color wp-elements-b7e18c8a08c0d56b143402a15182033b\"> <strong>SEMINARIO INTENSIVO PRESENCIAL<\/strong><\/p>\n\n\n\n<p class=\"has-white-color has-text-color has-link-color has-small-font-size wp-elements-1e2a3afefbc85eb664ac39c516c21b05\"><em>Para actrices, actores y estudiantes avanzados de actuaci\u00f3n<\/em><\/p>\n\n\n\n<p class=\"has-text-color has-link-color wp-elements-5604e2340a1252125e6f3547eb0dcedb\" style=\"color:#e98000;font-size:24px\"><strong>ACTUACI\u00d3N EN UNIPERSONALES<br>MON\u00d3LOGOS<\/strong><\/p>\n\n\n\n<p class=\"has-white-color has-text-color has-link-color wp-elements-2c53575bd447958a1a2b63757797a554\"><strong>Duraci\u00f3n: 8 encuentros de 3 h <\/strong><br>Grupos reducidos<strong> <\/strong><\/p>\n\n\n\n<p class=\"has-white-color has-text-color has-link-color has-normal-font-size wp-elements-6ea86555e833f2d6081246a00ae97b5c\"><em>Abordamos el an\u00e1lisis y trabajo concreto desde tres dimensiones espec\u00edficas el texto, la acci\u00f3n y la l\u00ednea de pensamiento, en interrelaci\u00f3n cont\u00ednua para la creaci\u00f3n del contexto dram\u00e1tico<\/em><\/p>\n\n\n\n<div class=\"wp-block-buttons is-content-justification-center is-layout-flex wp-container-core-buttons-is-layout-16018d1d wp-block-buttons-is-layout-flex\">\n<div class=\"wp-block-button\"><a class=\"wp-block-button__link wp-element-button\" href=\"mailto:info@danielcinelli.com.ar?subject=Consulta sobre el seminario de actuaci\u00f3n en unipersonales\" target=\"_blank\" rel=\"noreferrer noopener\"><strong><strong>c<\/strong>onsultar<\/strong><\/a><\/div>\n<\/div>\n<\/div><\/div>\n\n\n\n<hr class=\"wp-block-separator has-text-color has-white-color has-alpha-channel-opacity has-white-background-color has-background is-style-wide\"\/>\n\n\n\n<div class=\"wp-block-media-text is-stacked-on-mobile is-vertically-aligned-top\" style=\"grid-template-columns:30% auto\"><figure class=\"wp-block-media-text__media\"><img loading=\"lazy\" decoding=\"async\" width=\"1024\" height=\"1024\" src=\"https:\/\/danielcinelli.com.ar\/sitio\/wp-content\/uploads\/2024\/11\/TEXTO-Y-CONTEXTO-2025-1024x1024.png\" alt=\"\" class=\"wp-image-335 size-full\" srcset=\"https:\/\/danielcinelli.com.ar\/sitio\/wp-content\/uploads\/2024\/11\/TEXTO-Y-CONTEXTO-2025-1024x1024.png 1024w, https:\/\/danielcinelli.com.ar\/sitio\/wp-content\/uploads\/2024\/11\/TEXTO-Y-CONTEXTO-2025-300x300.png 300w, https:\/\/danielcinelli.com.ar\/sitio\/wp-content\/uploads\/2024\/11\/TEXTO-Y-CONTEXTO-2025-150x150.png 150w, https:\/\/danielcinelli.com.ar\/sitio\/wp-content\/uploads\/2024\/11\/TEXTO-Y-CONTEXTO-2025-768x768.png 768w, https:\/\/danielcinelli.com.ar\/sitio\/wp-content\/uploads\/2024\/11\/TEXTO-Y-CONTEXTO-2025-640x640.png 640w, https:\/\/danielcinelli.com.ar\/sitio\/wp-content\/uploads\/2024\/11\/TEXTO-Y-CONTEXTO-2025-720x720.png 720w, https:\/\/danielcinelli.com.ar\/sitio\/wp-content\/uploads\/2024\/11\/TEXTO-Y-CONTEXTO-2025-70x70.png 70w, https:\/\/danielcinelli.com.ar\/sitio\/wp-content\/uploads\/2024\/11\/TEXTO-Y-CONTEXTO-2025-80x80.png 80w, https:\/\/danielcinelli.com.ar\/sitio\/wp-content\/uploads\/2024\/11\/TEXTO-Y-CONTEXTO-2025-50x50.png 50w, https:\/\/danielcinelli.com.ar\/sitio\/wp-content\/uploads\/2024\/11\/TEXTO-Y-CONTEXTO-2025-600x600.png 600w, https:\/\/danielcinelli.com.ar\/sitio\/wp-content\/uploads\/2024\/11\/TEXTO-Y-CONTEXTO-2025-100x100.png 100w, https:\/\/danielcinelli.com.ar\/sitio\/wp-content\/uploads\/2024\/11\/TEXTO-Y-CONTEXTO-2025.png 1080w\" sizes=\"(max-width: 1024px) 100vw, 1024px\" \/><\/figure><div class=\"wp-block-media-text__content\">\n<p class=\"has-white-color has-text-color has-link-color wp-elements-738f4552dce4a6a49a33ad60f68c24df\"> <strong><strong>SEMINARIO INTENSIVO PRESENCIAL<\/strong><\/strong><\/p>\n\n\n\n<p class=\"has-white-color has-text-color has-link-color has-small-font-size wp-elements-1e2a3afefbc85eb664ac39c516c21b05\"><em>Para actrices, actores y estudiantes avanzados de actuaci\u00f3n<\/em><\/p>\n\n\n\n<p class=\"has-text-color has-link-color has-large-font-size wp-elements-a35c9ba116b3ae9d6cad3c9f3fbd0341\" style=\"color:#e98000\"><strong>TEXTO Y CONTEXTO<\/strong><\/p>\n\n\n\n<p class=\"has-white-color has-text-color has-link-color wp-elements-6c03bf44b7f311abd3df3e429cd22413\"><strong>Duraci\u00f3n: 8 encuentros <\/strong><br>Grupos reducidos<\/p>\n\n\n\n<p class=\"has-white-color has-text-color has-link-color has-normal-font-size wp-elements-ee325348a468015d1439a31dfc0fca9d\"><em>A partir del an\u00e1lisis activo y la praxis concreta nos enfocamos en la creaci\u00f3n de los contextos dram\u00e1ticos.  Durante 8 encuentros descubrimos y transitamos los elementos estrucurales del hacer en escena. <\/em><\/p>\n\n\n\n<div class=\"wp-block-buttons is-content-justification-center is-layout-flex wp-container-core-buttons-is-layout-16018d1d wp-block-buttons-is-layout-flex\">\n<div class=\"wp-block-button\"><a class=\"wp-block-button__link wp-element-button\" href=\"mailto:info@danielcinelli.com.ar?subject=Consulta sobre el seminario texto y contexto\" target=\"_blank\" rel=\"noreferrer noopener\"><strong><strong>c<\/strong>onsultar<\/strong><\/a><\/div>\n<\/div>\n<\/div><\/div>\n\n\n\n<p class=\"has-text-align-center has-white-color has-text-color has-background has-link-color wp-elements-0f0349a75d0340cf714c1e6eeac09885\" style=\"background-color:#cb5500;font-size:26px\"><strong>TALLERES ANUALES (PRESENCIALES)<\/strong><\/p>\n\n\n\n<div class=\"wp-block-media-text is-stacked-on-mobile is-vertically-aligned-top\" style=\"grid-template-columns:30% auto\"><figure class=\"wp-block-media-text__media\"><img loading=\"lazy\" decoding=\"async\" width=\"1024\" height=\"1024\" src=\"https:\/\/danielcinelli.com.ar\/sitio\/wp-content\/uploads\/2026\/01\/PALABRAS-MAYORES-2026-1024x1024.png\" alt=\"\" class=\"wp-image-8939 size-full\" srcset=\"https:\/\/danielcinelli.com.ar\/sitio\/wp-content\/uploads\/2026\/01\/PALABRAS-MAYORES-2026-1024x1024.png 1024w, https:\/\/danielcinelli.com.ar\/sitio\/wp-content\/uploads\/2026\/01\/PALABRAS-MAYORES-2026-300x300.png 300w, https:\/\/danielcinelli.com.ar\/sitio\/wp-content\/uploads\/2026\/01\/PALABRAS-MAYORES-2026-150x150.png 150w, https:\/\/danielcinelli.com.ar\/sitio\/wp-content\/uploads\/2026\/01\/PALABRAS-MAYORES-2026-768x768.png 768w, https:\/\/danielcinelli.com.ar\/sitio\/wp-content\/uploads\/2026\/01\/PALABRAS-MAYORES-2026-640x640.png 640w, https:\/\/danielcinelli.com.ar\/sitio\/wp-content\/uploads\/2026\/01\/PALABRAS-MAYORES-2026-720x720.png 720w, https:\/\/danielcinelli.com.ar\/sitio\/wp-content\/uploads\/2026\/01\/PALABRAS-MAYORES-2026-70x70.png 70w, https:\/\/danielcinelli.com.ar\/sitio\/wp-content\/uploads\/2026\/01\/PALABRAS-MAYORES-2026-80x80.png 80w, https:\/\/danielcinelli.com.ar\/sitio\/wp-content\/uploads\/2026\/01\/PALABRAS-MAYORES-2026-50x50.png 50w, https:\/\/danielcinelli.com.ar\/sitio\/wp-content\/uploads\/2026\/01\/PALABRAS-MAYORES-2026-600x600.png 600w, https:\/\/danielcinelli.com.ar\/sitio\/wp-content\/uploads\/2026\/01\/PALABRAS-MAYORES-2026-100x100.png 100w, https:\/\/danielcinelli.com.ar\/sitio\/wp-content\/uploads\/2026\/01\/PALABRAS-MAYORES-2026.png 1080w\" sizes=\"(max-width: 1024px) 100vw, 1024px\" \/><\/figure><div class=\"wp-block-media-text__content\">\n<p class=\"has-text-color has-link-color has-large-font-size wp-elements-0cff98feae546b5a7438d3815577d228\" style=\"color:#e98000\"><strong>PALABRAS MAYORES<\/strong><\/p>\n\n\n\n<p class=\"has-white-color has-text-color has-link-color has-normal-font-size wp-elements-c7353c6d39e0c8fd7383ffba7b4b062e\"><strong>TALLER DE TEATRO PARA ADULTOS +60 <\/strong><br>2 h semanales<br>El taller se dicta en\u00a0<strong>LA MORENO<\/strong><em>\u00a0(Spr\u00edngolo 680, S\u00e1enz Pe\u00f1a, Tres de Febrero, a 3 cuadras de General Paz)<\/em><\/p>\n\n\n\n<p class=\"has-white-color has-text-color has-link-color has-normal-font-size wp-elements-97cebf509cc6cf7d8105f6329fef0dbb\"><em>El teatro coom veh\u00edculo de la comunicaci\u00f3n, la recreaci\u00f3n y la creaci\u00f3n colectiva para personas adultas mayores de 60 a\u00f1os, con o sin expereincia previa.  El espacio tendr\u00e1 por finalidad la presentaci\u00f3n de un espect\u00e1culo de creaci\u00f3n colectiva sobre textos de autores del teatro universal. <\/em><\/p>\n\n\n\n<div class=\"wp-block-buttons is-content-justification-center is-layout-flex wp-container-core-buttons-is-layout-16018d1d wp-block-buttons-is-layout-flex\">\n<div class=\"wp-block-button\"><a class=\"wp-block-button__link wp-element-button\" href=\"mailto:info@danielcinelli.com.ar?subject=Consulta sobre el taller PALABRAS MAYORES\" target=\"_blank\" rel=\"noreferrer noopener\"><strong><strong>c<\/strong>onsultar<\/strong><\/a><\/div>\n<\/div>\n<\/div><\/div>\n\n\n\n<hr class=\"wp-block-separator has-text-color has-white-color has-alpha-channel-opacity has-white-background-color has-background is-style-wide\"\/>\n\n\n\n<div class=\"wp-block-media-text is-stacked-on-mobile is-vertically-aligned-top\" style=\"grid-template-columns:30% auto\"><figure class=\"wp-block-media-text__media\"><img loading=\"lazy\" decoding=\"async\" width=\"1024\" height=\"1024\" src=\"https:\/\/danielcinelli.com.ar\/sitio\/wp-content\/uploads\/2024\/11\/ENTRENAMIENTO-2025-1024x1024.png\" alt=\"\" class=\"wp-image-331 size-full\" srcset=\"https:\/\/danielcinelli.com.ar\/sitio\/wp-content\/uploads\/2024\/11\/ENTRENAMIENTO-2025-1024x1024.png 1024w, https:\/\/danielcinelli.com.ar\/sitio\/wp-content\/uploads\/2024\/11\/ENTRENAMIENTO-2025-300x300.png 300w, https:\/\/danielcinelli.com.ar\/sitio\/wp-content\/uploads\/2024\/11\/ENTRENAMIENTO-2025-150x150.png 150w, https:\/\/danielcinelli.com.ar\/sitio\/wp-content\/uploads\/2024\/11\/ENTRENAMIENTO-2025-768x768.png 768w, https:\/\/danielcinelli.com.ar\/sitio\/wp-content\/uploads\/2024\/11\/ENTRENAMIENTO-2025-640x640.png 640w, https:\/\/danielcinelli.com.ar\/sitio\/wp-content\/uploads\/2024\/11\/ENTRENAMIENTO-2025-720x720.png 720w, https:\/\/danielcinelli.com.ar\/sitio\/wp-content\/uploads\/2024\/11\/ENTRENAMIENTO-2025-70x70.png 70w, https:\/\/danielcinelli.com.ar\/sitio\/wp-content\/uploads\/2024\/11\/ENTRENAMIENTO-2025-80x80.png 80w, https:\/\/danielcinelli.com.ar\/sitio\/wp-content\/uploads\/2024\/11\/ENTRENAMIENTO-2025-50x50.png 50w, https:\/\/danielcinelli.com.ar\/sitio\/wp-content\/uploads\/2024\/11\/ENTRENAMIENTO-2025-600x600.png 600w, https:\/\/danielcinelli.com.ar\/sitio\/wp-content\/uploads\/2024\/11\/ENTRENAMIENTO-2025-100x100.png 100w, https:\/\/danielcinelli.com.ar\/sitio\/wp-content\/uploads\/2024\/11\/ENTRENAMIENTO-2025.png 1080w\" sizes=\"(max-width: 1024px) 100vw, 1024px\" \/><\/figure><div class=\"wp-block-media-text__content\">\n<p class=\"has-text-color has-link-color has-large-font-size wp-elements-fc3c3c32a847136baf1987febad1565e\" style=\"color:#e98000\"><strong>ENTRENAMIENTO ACTORAL<\/strong><\/p>\n\n\n\n<p class=\"has-white-color has-text-color has-link-color has-normal-font-size wp-elements-2948f2d773155fd22aaeead4eacb49d9\"><strong>Martes de abril a noviembre de 19.30 a 22 hs<\/strong>.<br>El taller se dicta en&nbsp;<strong>LA MORENO<\/strong><em>&nbsp;(Spr\u00edngolo 680, S\u00e1enz Pe\u00f1a, Tres de Febrero, a 3 cuadras de General Paz)<\/em><\/p>\n\n\n\n<p class=\"has-white-color has-text-color has-link-color has-normal-font-size wp-elements-1065bfc790c94668fd36985c90b6c81d\"><em>Para actrices, actores y estudiantes avanzados que quieran entrenar sobre escenas, mon\u00f3logos, de diversas po\u00e9ticas y decubrir el trabajo desde el enfoque el sistema de la acciones f\u00edsicas y otras metodolog\u00edas y t\u00e9cnicas actorales. <\/em>  <\/p>\n\n\n\n<div class=\"wp-block-buttons is-content-justification-center is-layout-flex wp-container-core-buttons-is-layout-16018d1d wp-block-buttons-is-layout-flex\">\n<div class=\"wp-block-button\"><a class=\"wp-block-button__link wp-element-button\" href=\"mailto:info@danielcinelli.com.ar?subject=Consulta sobre el taller de entrenamiento actoral\" target=\"_blank\" rel=\"noreferrer noopener\"><strong><strong>c<\/strong>onsultar<\/strong><\/a><\/div>\n<\/div>\n<\/div><\/div>\n\n\n\n<hr class=\"wp-block-separator has-text-color has-white-color has-alpha-channel-opacity has-white-background-color has-background is-style-wide\"\/>\n","protected":false},"excerpt":{"rendered":"<p>TALLERES Y SEMINARIOS INTENSIVOS A DISTANCIA TALLERES INTENSIVOS (PRESENCIALES) TALLERES ANUALES (PRESENCIALES)<\/p>\n","protected":false},"author":2,"featured_media":0,"parent":0,"menu_order":0,"comment_status":"closed","ping_status":"closed","template":"","meta":{"footnotes":""},"class_list":["post-129","page","type-page","status-publish","hentry"],"_links":{"self":[{"href":"https:\/\/danielcinelli.com.ar\/sitio\/wp-json\/wp\/v2\/pages\/129","targetHints":{"allow":["GET"]}}],"collection":[{"href":"https:\/\/danielcinelli.com.ar\/sitio\/wp-json\/wp\/v2\/pages"}],"about":[{"href":"https:\/\/danielcinelli.com.ar\/sitio\/wp-json\/wp\/v2\/types\/page"}],"author":[{"embeddable":true,"href":"https:\/\/danielcinelli.com.ar\/sitio\/wp-json\/wp\/v2\/users\/2"}],"replies":[{"embeddable":true,"href":"https:\/\/danielcinelli.com.ar\/sitio\/wp-json\/wp\/v2\/comments?post=129"}],"version-history":[{"count":25,"href":"https:\/\/danielcinelli.com.ar\/sitio\/wp-json\/wp\/v2\/pages\/129\/revisions"}],"predecessor-version":[{"id":8950,"href":"https:\/\/danielcinelli.com.ar\/sitio\/wp-json\/wp\/v2\/pages\/129\/revisions\/8950"}],"wp:attachment":[{"href":"https:\/\/danielcinelli.com.ar\/sitio\/wp-json\/wp\/v2\/media?parent=129"}],"curies":[{"name":"wp","href":"https:\/\/api.w.org\/{rel}","templated":true}]}}